{"id":598,"date":"2015-07-06T11:15:27","date_gmt":"2015-07-06T10:15:27","guid":{"rendered":"http:\/\/cod.al\/?page_id=598"},"modified":"2024-05-24T11:26:10","modified_gmt":"2024-05-24T09:26:10","slug":"biblioteka-2","status":"publish","type":"page","link":"https:\/\/cod.al\/?page_id=598","title":{"rendered":"Biblioteka"},"content":{"rendered":"<p>[vc_row el_class=&#8221;biblioteka-galery three-tabs&#8221;][vc_column][vc_tabs interval=&#8221;0&#8243;][vc_tab title=&#8221;Rreth nesh &#8221; tab_id=&#8221;97e03bcd-e8bb-0&#8243;][vc_row_inner][vc_column_inner][vc_column_text]<img fetchpriority=\"high\" decoding=\"async\" class=\"aligncenter wp-image-1528 size-full\" src=\"http:\/\/cod.al\/wp-content\/uploads\/2015\/07\/Bliblioteka.png\" alt=\"\" width=\"1039\" height=\"620\" srcset=\"https:\/\/cod.al\/wp-content\/uploads\/2015\/07\/Bliblioteka.png 1039w, https:\/\/cod.al\/wp-content\/uploads\/2015\/07\/Bliblioteka-300x179.png 300w, https:\/\/cod.al\/wp-content\/uploads\/2015\/07\/Bliblioteka-1024x611.png 1024w\" sizes=\"(max-width: 1039px) 100vw, 1039px\" \/><\/p>\n<p><strong>BIBLIOTEKA E KRYEMINISTRIS\u00cb<\/strong><\/p>\n<p>Biblioteka e Kryeministris\u00eb hapi dyert e saj m\u00eb 8 Korrik 2015 si pjes\u00eb e COD n\u00eb Kryeministri.<\/p>\n<p>Biblioteka ka si q\u00ebllim t\u2019i ofroj\u00eb publikut nj\u00eb mjedis t\u00eb hapur dhe modern nga ku mund t\u00eb shfryt\u00ebzohen koleksione me tematika t\u00eb ndryshme kryesisht marr\u00ebdh\u00ebnie nd\u00ebrkomb\u00ebtare, BE, shkenca politike, histori, arkitektur\u00eb, art, urbanizim, etj. Ajo \u00ebsht\u00eb pjes\u00eb e sistemit online COBISS (Sistemi p\u00ebr sh\u00ebrbimet e p\u00ebrbashk\u00ebta bibliografike online), i cili ofron akses n\u00eb 90 mij\u00eb tituj dhe \u00ebsht\u00eb model reference p\u00ebr platform\u00ebn e sistemeve komb\u00ebtare bibliotekare t\u00eb informacionit.<\/p>\n<p>N\u00eb Bibliotek\u00ebn e Kryeministris\u00eb mund t\u00eb gjenden koleksione t\u00eb rralla librash, dor\u00ebshkrime, periodik\u00eb t\u00eb ndrysh\u00ebm, fjalor\u00eb, enciklopedi dhe gjith\u00eb fondi i Vendimeve t\u00eb K\u00ebshillit t\u00eb Ministrave, prej vitit 1945 e deri m\u00eb sot. Gjithashtu n\u00eb mjediset e saj mund t\u00eb shfryt\u00ebzohet arkivi digjital i dokumenteve e fotove t\u00eb K\u00ebshillit t\u00eb Ministrave prej vitit 1912.<\/p>\n<p>Fondi i Bibliotek\u00ebs \u00ebsht\u00eb pasuruar edhe me koleksione t\u00eb ve\u00e7anta t\u00eb dhuruara nga ambasada t\u00eb ndryshme, si ajo Amerikane, Italiane, Gjermane, Franceze, Austriake, Turke, Serbe e Kineze. Kryesisht ato jan\u00eb botime q\u00eb tregojn\u00eb p\u00ebr historin\u00eb dhe kultur\u00ebn e vendeve p\u00ebrkat\u00ebse, por edhe p\u00ebr marr\u00ebdh\u00ebniet nd\u00ebrkomb\u00ebtare, politike, social-kulturore me vendin ton\u00eb e m\u00eb gjer\u00eb.<\/p>\n<p>Koleksione t\u00eb ve\u00e7anta ka dhuruar Osa Archivum i Budapestit, Akademia e Shkencave e Tiran\u00ebs, Instituti Albanologjik i Prishtin\u00ebs dhe Instituti Italian i Kultur\u00ebs. Fondi \u00ebsht\u00eb pasuruar edhe me nj\u00eb koleksion t\u00eb p\u00ebrzgjedhur nga biblioteka personale e Ardian Klosit, dhuruar nga familja e tij.<\/p>\n<p>Biblioteka e Kryeministris\u00eb ofron gjithashtu botime t\u00eb ve\u00e7anta t\u00eb digjitalizuara nga Biblioteka Komb\u00ebtare, koleksione kryesisht me tematik\u00eb formimin e shtetit shqiptar, ligje, dekrete, ndarje territoriale etj. nga viti 1912-1939.[\/vc_column_text][\/vc_column_inner][\/vc_row_inner][\/vc_tab][vc_tab title=&#8221;Libra t\u00eb digjitalizuar&#8221; tab_id=&#8221;d393ce31-349c-4&#8243;][vc_gallery type=&#8221;image_grid&#8221; images=&#8221;730,768,767,766,765,764,763,762,761,760,759,758,757,756,755,754,753,752,751,750,749,748,747,746,745,744,743,742,741,740,739,738,737,736,735,734,733,732,731&#8243; img_size=&#8221;thumbnail 150 \u00d7 239,1666&#8243;][\/vc_tab][vc_tab title=&#8221;Katalogu online (OPAC) &#8221; tab_id=&#8221;1436206897153-2-3&#8243;][vc_btn title=&#8221;Katalogu online&#8221; align=&#8221;left&#8221; link=&#8221;url:http%3A%2F%2Fwww.al.cobiss.net%2Fscripts%2Fcobiss%3Fcommand%3DCONNECT%26base%3D92026%26mode%3D5||&#8221;][\/vc_tab][vc_tab title=&#8221;MIQT\u00cb DHUROJN\u00cb LIBRA&#8221; tab_id=&#8221;1454929679412-3-1&#8243;][vc_column_text]<\/p>\n<h4>MIQT\u00cb DHUROJN\u00cb LIBRA<\/h4>\n<p>M\u00eb 17.10.2015 n\u00eb Bibliotek\u00ebn e COD n\u00eb Kryeministri, u promovua libri \u201cEdhe nj\u00eb Shqip\u201d i autores Rudina Xhunga. Ky lib\u00ebr erdhi si p\u00ebrmbledhje e programit televiziv politiko-shoq\u00ebror me t\u00eb ftuar emrat m\u00eb n\u00eb z\u00eb t\u00eb politik\u00ebs, letrave, artit dhe filozofis\u00eb bashk\u00ebkohore n\u00eb bot\u00eb. \u201cShqip\u201d-i iu drejtua nj\u00eb publiku mbar\u00ebkomb\u00ebtar me moton: Nj\u00eb komb, tre kryeqytete, 10 milion shqiptar\u00eb. N\u00eb k\u00ebt\u00eb aktivitet u dhuruan m\u00eb rreth 100 kopje p\u00ebr t\u00eb ftuarit dhe p\u00ebr Bibliotek\u00ebn e COD, libra t\u00eb cil\u00ebt u mund\u00ebsuan nga Universiteti Europian i Tiran\u00ebs.<\/p>\n<p><img decoding=\"async\" class=\"aligncenter size-full wp-image-1530\" src=\"http:\/\/cod.al\/wp-content\/uploads\/2015\/07\/biblioteka-f-1.png\" alt=\"biblioteka-f-1\" width=\"1046\" height=\"223\" srcset=\"https:\/\/cod.al\/wp-content\/uploads\/2015\/07\/biblioteka-f-1.png 1046w, https:\/\/cod.al\/wp-content\/uploads\/2015\/07\/biblioteka-f-1-300x64.png 300w, https:\/\/cod.al\/wp-content\/uploads\/2015\/07\/biblioteka-f-1-1024x218.png 1024w\" sizes=\"(max-width: 1046px) 100vw, 1046px\" \/><\/p>\n<p>M\u00eb 06.11.2015 n\u00eb Qendr\u00ebn p\u00ebr Hapje dhe Dialog (COD) n\u00eb Kryeministri, u prezantua libri m\u00eb i ri i Alastair Campbell, \u201cFitimtar\u00ebt\u201d, p\u00ebrkthyer n\u00eb shqip pas nj\u00eb suksesi t\u00eb bujsh\u00ebm n\u00eb Britanin\u00eb e Madhe dhe botimit t\u00eb sapodal\u00eb n\u00eb Shtetet e Bashkuara. Nj\u00eb lib\u00ebr mbi rrug\u00ebn drejt suksesit, p\u00ebrmes rr\u00ebfimit t\u00eb shembujve t\u00eb suksesit, nga sportist\u00ebt elitar\u00eb tek menaxher\u00ebt e lart\u00eb, nga udh\u00ebheq\u00ebsit e vendeve tek ata t\u00eb kompanive globale t\u00eb biznesit. Nj\u00eb diskutim i rrall\u00eb mbi skuadr\u00ebn, lidershipin, strategjin\u00eb, talentin, fitoren, humbjen e me radh\u00eb, fal\u00eb pranis\u00eb s\u00eb vet\u00eb autorit dhe t\u00eb ftuarit special, njeriut q\u00eb me Milanin e trofeve t\u00eb m\u00ebdha, shkroi nj\u00eb nd\u00ebr faqet e arta t\u00eb historis\u00eb s\u00eb futbollit, Arrigo Sacchi, si edhe trajnerit t\u00eb Komb\u00ebtares Kuqezi, Gianni De Biasi. N\u00eb k\u00ebt\u00eb aktivitet u dhuruan rreth 100 kopje p\u00ebr t\u00eb ftuarit dhe p\u00ebr Bibliotek\u00ebn e COD, libra t\u00eb cil\u00ebt u mund\u00ebsuan nga Fondacioni Shoq\u00ebria e Hapur p\u00ebr Shqip\u00ebrin\u00eb (SOROS).<\/p>\n<p><img decoding=\"async\" class=\"aligncenter size-full wp-image-1531\" src=\"http:\/\/cod.al\/wp-content\/uploads\/2015\/07\/biblioteka-f-2.png\" alt=\"biblioteka-f-2\" width=\"1045\" height=\"222\" srcset=\"https:\/\/cod.al\/wp-content\/uploads\/2015\/07\/biblioteka-f-2.png 1045w, https:\/\/cod.al\/wp-content\/uploads\/2015\/07\/biblioteka-f-2-300x64.png 300w, https:\/\/cod.al\/wp-content\/uploads\/2015\/07\/biblioteka-f-2-1024x218.png 1024w\" sizes=\"(max-width: 1045px) 100vw, 1045px\" \/><\/p>\n<p>M\u00eb 11.12.2015 n\u00eb mjediset e COD n\u00eb Kryeministri, u prezantua libri shum\u00eb i ve\u00e7ant\u00eb i Fred Abrahams \u201cShqip\u00ebria e Re &#8211; Nga diktatura n\u00eb demokraci n\u00eb Europ\u00eb\u201d. Libri i Abrahams, gazetar amerikan dhe d\u00ebshmitar okular i periudh\u00ebs s\u00eb ndryshimeve n\u00eb Shqip\u00ebri, \u00ebsht\u00eb shkruar n\u00eb 25 vite me radh\u00eb mbi p\u00ebrjetime, dokumente arkivore n\u00eb SHBA e Shqip\u00ebri, intervista t\u00eb panum\u00ebrta e analiza, duke krijuar nj\u00eb pasqyr\u00eb q\u00eb vjen p\u00ebr her\u00eb t\u00eb par\u00eb si reflektim profesional e i paansh\u00ebm i tranzicionit shqiptar. N\u00eb k\u00ebt\u00eb aktivitet u dhuruan rreth 100 kopje p\u00ebr t\u00eb ftuarit dhe p\u00ebr Bibliotek\u00ebn e COD, libra t\u00eb mund\u00ebsuar nga Fondacioni Shoq\u00ebria e Hapur p\u00ebr Shqip\u00ebrin\u00eb (SOROS).<\/p>\n<p><img loading=\"lazy\" decoding=\"async\" class=\"aligncenter size-full wp-image-1532\" src=\"http:\/\/cod.al\/wp-content\/uploads\/2015\/07\/biblioteka-f-3.png\" alt=\"biblioteka-f-3\" width=\"1044\" height=\"226\" srcset=\"https:\/\/cod.al\/wp-content\/uploads\/2015\/07\/biblioteka-f-3.png 1044w, https:\/\/cod.al\/wp-content\/uploads\/2015\/07\/biblioteka-f-3-300x65.png 300w, https:\/\/cod.al\/wp-content\/uploads\/2015\/07\/biblioteka-f-3-1024x222.png 1024w\" sizes=\"(max-width: 1044px) 100vw, 1044px\" \/><\/p>\n<p>M\u00eb 1.12.2015, nj\u00eb dhurat\u00eb me vler\u00eb iu shtua Bibliotek\u00ebs s\u00eb Kryeministris\u00eb n\u00eb Qendr\u00ebn COD, nga Drejtoresha e Redaksis\u00eb s\u00eb Gjuh\u00ebs Shqipe t\u00eb Radios s\u00eb Jashtme t\u00eb Kin\u00ebs. Nj\u00eb sasi librash q\u00eb e pasuruan edhe m\u00eb tep\u00ebr k\u00ebt\u00eb qend\u00ebr, si vend i hapur p\u00ebr dialog dhe art.<\/p>\n<p><img loading=\"lazy\" decoding=\"async\" class=\"aligncenter size-full wp-image-1533\" src=\"http:\/\/cod.al\/wp-content\/uploads\/2015\/07\/biblioteka-f-4.png\" alt=\"biblioteka-f-4\" width=\"1044\" height=\"225\" srcset=\"https:\/\/cod.al\/wp-content\/uploads\/2015\/07\/biblioteka-f-4.png 1044w, https:\/\/cod.al\/wp-content\/uploads\/2015\/07\/biblioteka-f-4-300x65.png 300w, https:\/\/cod.al\/wp-content\/uploads\/2015\/07\/biblioteka-f-4-1024x221.png 1024w\" sizes=\"(max-width: 1044px) 100vw, 1044px\" \/><\/p>\n<p>Ambasadori i Suedis\u00eb n\u00eb Shqip\u00ebri z. Patric Svensson m\u00eb 28.08.2015 i dhuroi Bibliotek\u00ebs s\u00eb COD nj\u00eb sasi librash n\u00eb p\u00ebrputhje me koleksionet e saj. Gjat\u00eb takimit me drejtoresh\u00ebn e Bibliotek\u00ebs, znj. Dorotea Kerni, ai shprehu gatishm\u00ebrin\u00eb e Ambasad\u00ebs p\u00ebr bashk\u00ebpunime t\u00eb m\u00ebtejshme me COD.<\/p>\n<p><img loading=\"lazy\" decoding=\"async\" class=\"aligncenter wp-image-1539 size-full\" src=\"http:\/\/cod.al\/wp-content\/uploads\/2015\/07\/biblioteka-f-51.png\" alt=\"\" width=\"1047\" height=\"225\" srcset=\"https:\/\/cod.al\/wp-content\/uploads\/2015\/07\/biblioteka-f-51.png 1047w, https:\/\/cod.al\/wp-content\/uploads\/2015\/07\/biblioteka-f-51-300x64.png 300w, https:\/\/cod.al\/wp-content\/uploads\/2015\/07\/biblioteka-f-51-1024x220.png 1024w\" sizes=\"(max-width: 1047px) 100vw, 1047px\" \/><\/p>\n<p>M\u00eb 29.01.2016 n\u00eb Bibliotek\u00ebn e COD u zhvillua ceremonia e dhurimit t\u00eb librave nga Ambasada e Federat\u00ebs Ruse. Ambasadori Aleksand\u00ebr Karpushin i dor\u00ebzoi k\u00ebsaj Qendre rreth 100 libra, duke pasuruar koleksionet e ve\u00e7anta t\u00eb Bibliotek\u00ebs, kryesisht me vepra enciklopedike dhe historike.<\/p>\n<p><img loading=\"lazy\" decoding=\"async\" class=\"aligncenter size-full wp-image-1535\" src=\"http:\/\/cod.al\/wp-content\/uploads\/2015\/07\/biblioteka-f-6.png\" alt=\"biblioteka-f-6\" width=\"1046\" height=\"226\" srcset=\"https:\/\/cod.al\/wp-content\/uploads\/2015\/07\/biblioteka-f-6.png 1046w, https:\/\/cod.al\/wp-content\/uploads\/2015\/07\/biblioteka-f-6-300x65.png 300w, https:\/\/cod.al\/wp-content\/uploads\/2015\/07\/biblioteka-f-6-1024x221.png 1024w\" sizes=\"(max-width: 1046px) 100vw, 1046px\" \/><\/p>\n<p>Fondacioni Shoq\u00ebria e Hapur p\u00ebr Shqip\u00ebrin\u00eb (SOROS) ka mund\u00ebsuar blerjen e rreth 250 librave, fond q\u00eb pasuroi m\u00eb tej koleksionet kryesore t\u00eb Bibliotek\u00ebs.<\/p>\n<p><img loading=\"lazy\" decoding=\"async\" class=\"aligncenter wp-image-1540 size-full\" src=\"http:\/\/cod.al\/wp-content\/uploads\/2015\/07\/biblioteka-f-71.png\" alt=\"\" width=\"1046\" height=\"227\" srcset=\"https:\/\/cod.al\/wp-content\/uploads\/2015\/07\/biblioteka-f-71.png 1046w, https:\/\/cod.al\/wp-content\/uploads\/2015\/07\/biblioteka-f-71-300x65.png 300w, https:\/\/cod.al\/wp-content\/uploads\/2015\/07\/biblioteka-f-71-1024x222.png 1024w\" sizes=\"(max-width: 1046px) 100vw, 1046px\" \/><\/p>\n<p>Nj\u00eb s\u00ebr\u00eb publikimesh u dhuruan nga Shell Upstream Albania B. V. p\u00ebr Bibliotek\u00ebn e COD-it. K\u00ebto publikime mjaft t\u00eb ve\u00e7anta jan\u00eb t\u00eb destinuara p\u00ebr p\u00ebrdorim n\u00eb Qendr\u00ebn p\u00ebr Hapje dhe Dialog.<br \/>\n<img loading=\"lazy\" decoding=\"async\" class=\"aligncenter size-full wp-image-1565\" src=\"http:\/\/cod.al\/wp-content\/uploads\/2015\/07\/biblioteka-f-8.png\" alt=\"biblioteka-f-8\" width=\"1046\" height=\"227\" srcset=\"https:\/\/cod.al\/wp-content\/uploads\/2015\/07\/biblioteka-f-8.png 1046w, https:\/\/cod.al\/wp-content\/uploads\/2015\/07\/biblioteka-f-8-300x65.png 300w, https:\/\/cod.al\/wp-content\/uploads\/2015\/07\/biblioteka-f-8-1024x222.png 1024w\" sizes=\"(max-width: 1046px) 100vw, 1046px\" \/><\/p>\n<p>Fr\u00e9d\u00e9ric Mitterrand, ish-minist\u00ebr i Kultur\u00ebs dhe Komunikimit n\u00eb Franc\u00eb, i dhuroi Bibliotek\u00ebs s\u00eb Kryeministris\u00eb nj\u00eb fond t\u00eb pasur me 1105 tituj, katalog\u00eb, studime dhe revista kulturore nd\u00ebrkomb\u00ebtare.\u00a0 Ambasada e Shqip\u00ebris\u00eb n\u00eb Paris mund\u00ebsoi k\u00ebt\u00eb bashk\u00ebpunim.<br \/>\n<img loading=\"lazy\" decoding=\"async\" class=\"wp-image-3507 aligncenter\" src=\"http:\/\/cod.al\/wp-content\/uploads\/2015\/07\/Fr\u00e9d\u00e9ric-Mitterrand.png\" alt=\"Fr\u00e9d\u00e9ric-Mitterrand\" width=\"1054\" height=\"250\" srcset=\"https:\/\/cod.al\/wp-content\/uploads\/2015\/07\/Fr\u00e9d\u00e9ric-Mitterrand.png 953w, https:\/\/cod.al\/wp-content\/uploads\/2015\/07\/Fr\u00e9d\u00e9ric-Mitterrand-300x71.png 300w\" sizes=\"(max-width: 1054px) 100vw, 1054px\" \/><\/p>\n<p>Veran Mati\u0107 ka dhuruar 102 v\u00ebllime p\u00ebr Bibliotek\u00ebn e Kryeministris\u00eb, duke e pasuruar me krijimtari t\u00eb fushave t\u00eb ndryshme n\u00eb gjuh\u00ebn serbe. N\u00eb k\u00ebt\u00eb bibliotek\u00eb\u00a0 gjenden materiale interesante studimore, publicistike, informuese, historike apo artistike, n\u00eb gjuh\u00eb t\u00eb ndryshme.<br \/>\n<img loading=\"lazy\" decoding=\"async\" class=\"aligncenter wp-image-3511\" src=\"http:\/\/cod.al\/wp-content\/uploads\/2015\/07\/Veran-Mati\u01071.png\" alt=\"Veran-Mati\u0107\" width=\"1054\" height=\"218\" srcset=\"https:\/\/cod.al\/wp-content\/uploads\/2015\/07\/Veran-Mati\u01071.png 953w, https:\/\/cod.al\/wp-content\/uploads\/2015\/07\/Veran-Mati\u01071-300x62.png 300w\" sizes=\"(max-width: 1054px) 100vw, 1054px\" \/><\/p>\n<p><b>FONDI I BIBLIOTEK\u00cbS<\/b><br \/>\n<b>GJITHSEJ \u2013 4 694 tituj<\/b><br \/>\n<b>KOLEKSIONET<\/b><br \/>\nMarr\u00ebdh\u00ebnie nd\u00ebrkomb\u00ebtare \u2013 BE<br \/>\nFjalor\u00eb, Enciklopedi, Bibliografi;<br \/>\nArt, Urbanizim Arkitektur\u00eb;<br \/>\nLegjislacion<\/p>\n<p><b>LIBRA T\u00cb DHURUAR \u2013 4 494 tituj<\/b><\/p>\n<p>Ambasada Amerikane, Italiane, Gjermane, Franceze, Turke, Austriake, Kineze, Serbe, Spanjolle, Ruse. Koleksione ka dhuruar Osa Archivum i Budapestit, Akademia e Shkencave e Tiran\u00ebs, Instituti Albanologjik i Prishtin\u00ebs dhe Instituti Italian i Kultur\u00ebs, Mus\u00e9e d\u2019Orsay, Shell Upstream Albania, Radio e Jashtme e Kin\u00ebs, Universiteti Europian i Tiran\u00ebs dhe personalitete t\u00eb kultur\u00ebs, artit, publicistik\u00ebs, historis\u00eb e k\u00ebrkimit shkencor.<\/p>\n<p><b>LIBRA T\u00cb BLER\u00cb<\/b>\u00a0\u2013 200 tituj<br \/>\n<b>KOLEKSIONI I ARDIAN KLOSIT<\/b>\u00a0\u2013 402 tituj<br \/>\n<b>KOLEKSIONI LIRI BEGEJA DHE LUC BERNIER <\/b>\u2013 49 tituj<b><br \/>\n<\/b><b>KOLEKSIONI FR\u0116D\u0116RIC MITTERAND<\/b> \u2013 1105 tituj<br \/>\n<b>KOLEKSIONI VERAN MATI\u0106<\/b> &#8211; 75<br \/>\n<b>FLETORE ZYRTARE<\/b>\u00a0\u2013 254 cop\u00eb (lidhje) prej vitit 1922<br \/>\n<b>VENDIME, LIGJE, DEKRETE, URDHRA<\/b>\u00a0\u2013 1.034 cop\u00eb (lidhje) prej vitit 1945<br \/>\n<b>LIBRA T\u00cb DIGJITALIZUAR<\/b>\u00a0\u2013 49 tituj<\/p>\n<p><b>KATALOGU ONLINE COBBIS<br \/>\n<\/b>Regjistrime n\u00eb sistemin e p\u00ebrbashk\u00ebt t\u00eb katalogimit online \u2013 2.021 tituj<\/p>\n<p>[\/vc_column_text][\/vc_tab][\/vc_tabs][\/vc_column][\/vc_row]<\/p>\n","protected":false},"excerpt":{"rendered":"<p>[vc_row el_class=&#8221;biblioteka-galery three-tabs&#8221;][vc_column][vc_tabs interval=&#8221;0&#8243;][vc_tab title=&#8221;Rreth nesh &#8221; tab_id=&#8221;97e03bcd-e8bb-0&#8243;][vc_row_inner][vc_column_inner][vc_column_text] BIBLIOTEKA E KRYEMINISTRIS\u00cb Biblioteka e Kryeministris\u00eb hapi dyert e saj m\u00eb 8 Korrik 2015 si pjes\u00eb e COD n\u00eb Kryeministri. Biblioteka ka si q\u00ebllim t\u2019i ofroj\u00eb publikut nj\u00eb mjedis t\u00eb hapur dhe<\/p>\n","protected":false},"author":5,"featured_media":0,"parent":0,"menu_order":0,"comment_status":"open","ping_status":"open","template":"","meta":{"footnotes":""},"class_list":["post-598","page","type-page","status-publish","hentry"],"_links":{"self":[{"href":"https:\/\/cod.al\/index.php?rest_route=\/wp\/v2\/pages\/598","targetHints":{"allow":["GET"]}}],"collection":[{"href":"https:\/\/cod.al\/index.php?rest_route=\/wp\/v2\/pages"}],"about":[{"href":"https:\/\/cod.al\/index.php?rest_route=\/wp\/v2\/types\/page"}],"author":[{"embeddable":true,"href":"https:\/\/cod.al\/index.php?rest_route=\/wp\/v2\/users\/5"}],"replies":[{"embeddable":true,"href":"https:\/\/cod.al\/index.php?rest_route=%2Fwp%2Fv2%2Fcomments&post=598"}],"version-history":[{"count":45,"href":"https:\/\/cod.al\/index.php?rest_route=\/wp\/v2\/pages\/598\/revisions"}],"predecessor-version":[{"id":4686,"href":"https:\/\/cod.al\/index.php?rest_route=\/wp\/v2\/pages\/598\/revisions\/4686"}],"wp:attachment":[{"href":"https:\/\/cod.al\/index.php?rest_route=%2Fwp%2Fv2%2Fmedia&parent=598"}],"curies":[{"name":"wp","href":"https:\/\/api.w.org\/{rel}","templated":true}]}}