{"id":3681,"date":"2018-04-11T12:46:59","date_gmt":"2018-04-11T11:46:59","guid":{"rendered":"http:\/\/cod.al\/?page_id=3681"},"modified":"2018-04-11T13:01:52","modified_gmt":"2018-04-11T12:01:52","slug":"ornela-vorpsi-artistet","status":"publish","type":"page","link":"https:\/\/cod.al\/?page_id=3681","title":{"rendered":"Ornela Vorpsi | Artistet"},"content":{"rendered":"<p>[vc_row][vc_column width=&#8221;1\/2&#8243;][vc_single_image image=&#8221;3682&#8243; img_size=&#8221;full&#8221;][vc_column_text]<\/p>\n<p style=\"text-align: justify;\"><strong>Ornela Vorpsi<\/strong> lindi n\u00eb Tiran\u00eb n\u00eb 1968. Ndoqi studimet\u00a0n\u00eb Institutin e Lart\u00eb t\u00eb Arteve p\u00ebr piktur\u00eb\u00a0monumentale gjat\u00eb nj\u00eb periudhe ndryshimesh t\u00eb\u00a0m\u00ebdha historike (1987 \u2013 1991). Pas emigrimit n\u00eb\u00a0Itali n\u00eb 1991, ndoqi studimet n\u00eb Akademin\u00eb e Arteve\u00a0t\u00eb Bukura t\u00eb Breras n\u00eb Milano (1992 \u2013 1996)\u00a0dhe p\u00ebrfundoi studimet n\u00eb Paris n\u00eb Universitetin\u00a0Paris VIII, n\u00eb 1997.\u00a0Q\u00eb nga vitet 1990 ajo ka marr\u00eb pjes\u00eb n\u00eb shum\u00eb\u00a0ekspozita n\u00eb grup, t\u00eb kuruara nga kurator\u00eb t\u00eb\u00a0mir\u00ebnjohur si Harald Szeemann, Paul Ardenne\u00a0dhe Walter Keller. Pun\u00ebt e saj gjenden n\u00eb koleksione\u00a0t\u00eb r\u00ebnd\u00ebsishme, p\u00ebrfshir\u00eb dhe koleksionin\u00a0FNAC (Fondacioni Komb\u00ebtar i Artit Bashk\u00ebkohor\u00a0n\u00eb Franc\u00eb), si dhe n\u00eb shum\u00eb koleksione private.\u00a0N\u00eb 2006-n ajo ishte laureate e Deutsche Akademischer\u00a0Austauschdienst (DAAD), Berlin, dhe n\u00eb\u00a02004-n ishte e ftuar si artiste n\u00eb rezidenc\u00eb n\u00eb Villa\u00a0Kujoyama, Kyoto, Japoni.\u00a0Pasi u vendos n\u00eb Paris n\u00eb 1997, Vorpsi iu kushtua\u00a0jo vet\u00ebm arteve pamore, por edhe let\u00ebrsis\u00eb.\u00a0Libri i par\u00eb i Ornela Vorpsit \u00ebsht\u00eb nj\u00eb monografi\u00a0fotografike artistike, e titulluar \u2018Nothing Obvious\u2019\u00a0(Asgj\u00eb e dukshme), botuar nga botuesi zviceran\u00a0Scalo. Librat e saj \u2018Il paese dove non si muore\u00a0mai\u2019, (Vendi ku nuk vdiset kurr\u00eb), \u2018Bevete cacao\u00a0Van Houten\u2019 (Pini kakaon Vah Houten), \u2018La mano\u00a0che non mordi\u2019 (Dora q\u00eb nuk kafshon), \u2018Fuorimondo\u2019\u00a0(Jasht\u00eb bote), \u2018Vetri Rosa\u2019 (Xhamat roz\u00eb) jan\u00eb\u00a0shkruar t\u00eb gjith\u00eb n\u00eb italisht dhe jan\u00eb botuar nga\u00a0botuesi italian Einaudi.\u00a0N\u00eb vitin 2010, Aleksandar Hemon dhe Zadie Smith\u00a0e cil\u00ebsuan Vorpsin si nj\u00eb nga 35 shkrimtaret m\u00eb\u00a0t\u00eb mira t\u00eb Europ\u00ebs n\u00eb \u201cBest European Fiction\u201d\u00a0(sipas \u201cDalkey Archive Press\u201d). Vorpsi ka fituar\u00a0shum\u00eb \u00e7mime p\u00ebr librat e saj, si: Pozzale Luigi\u00a0Rosso (2012), Citt\u00e0 di Tropea (2007), Grinzane Cavour\u00a0(2006), Elio Vittorini (2006), Premio Rappallo,\u00a0Premio Viareggio (2006), Premio Luco Mastronardi,\u00a0Prix M\u00e9diteran\u00e9en des Lyc\u00e9en (2005). Pas shum\u00eb\u00a0vitesh n\u00eb Franc\u00eb, Vorpsi vendosi t\u00eb shkruaj\u00eb n\u00eb\u00a0fr\u00ebngjisht. Sht\u00ebpia botuese Gallimard \u00ebsht\u00eb n\u00eb\u00a0proces botimi t\u00eb dy librave t\u00eb saj m\u00eb t\u00eb fundit: \u2018Tu\u00a0convoiteras\u2019 (Do t\u00eb d\u00ebshirosh) dhe \u2018L\u2019\u00e9t\u00e9 d\u2019Olta\u2019\u00a0(Vera e Olt\u00ebs).<\/p>\n<p style=\"text-align: justify;\">Librat e Vorpsit jan\u00eb p\u00ebrkthyer n\u00eb 18 gjuh\u00eb.<\/p>\n<p>[\/vc_column_text][\/vc_column][vc_column width=&#8221;1\/2&#8243;][vc_column_text]<\/p>\n<h5><\/h5>\n<h5><b>P\u00ebrzgjedhje e ekspozitave n\u00eb grup<\/b><\/h5>\n<p><b>2018<br \/>\n<\/b><i>&#8211; VIDEO P\u00cbRGJITHMON\u00cb 35* N\u00cb KINEMAN\u00cb E MENDJES SIME T\u00cb FJETUR* <\/i>Pika Bashk\u00ebkohore, Paris, Franc\u00eb.<\/p>\n<p><b>2017<br \/>\n<\/b><i>&#8211; AMI dhe miqt\u00eb<\/i>, Galeria Analix Forever, Gjenev\u00eb, Zvic\u00ebr.<br \/>\n<i>&#8211; Vajzat<\/i>, Galeria Analix Forever, Gjenev\u00eb, Zvic\u00ebr.<\/p>\n<p><b>2016<br \/>\n<\/b>&#8211; Bienalja e 15-t\u00eb e Arkitektur\u00ebs n\u00eb Venecia, <i>T\u00eb kam l\u00ebn\u00eb malin<\/i>, pavijoni shqiptar, artiste kontribuese.<\/p>\n<p><b>2013<br \/>\n<\/b><i>&#8211; Libri i Anxhelik\u00ebs<\/i>, Galeria Analix Forever, Gjenev\u00eb, Zvic\u00ebr.<br \/>\n<i>&#8211; Penis i bukur<\/i>, Galeria Analix Forever, Galeria Nuke, Paris.<\/p>\n<p><b>2012<br \/>\n<\/b><i>&#8211; Carte Blanche<\/i>, Galeria Analix Forever, Gjenev\u00eb, Zvic\u00ebr<br \/>\n<i>&#8211; Portrete<\/i>, ekspozit\u00eb e pun\u00ebve fotografike dhe pikturave t\u00eb Qendr\u00ebs Komb\u00ebtare t\u00eb Arteve Plastike n\u00eb La Motte Servolex &#8211; Chamb\u00e9ry Aix les Bains.<\/p>\n<p><b>2010<br \/>\n<\/b><i>&#8211; Piktur\u00eb, akoma<\/i>, Galeria Analix Forever, Gjenev\u00eb, Brukseli p\u00ebr Artet 2010, Bruksel.<\/p>\n<p><b>2009<br \/>\n<\/b><i>&#8211; Fiesta!<\/i> Analix Forever, Gjenev\u00eb.<\/p>\n<p><b>2008<br \/>\n<\/b><i>&#8211; Piktura, mes t<\/i>\u00eb<i> tjerave<\/i>, Analix Forever, Gjenev\u00eb.<\/p>\n<p><b>2007<br \/>\n<\/b><i>&#8211; Xhamat Roz\u00eb<\/i> me Mat Collishaw, Arti Kurial, Paris.<\/p>\n<p><b>2006<br \/>\n<\/b><i>&#8211; Pem\u00ebt e n\u00ebntorit dhe \u00ebndrra t\u00eb tjera, pun\u00eb n\u00eb grup,\u00a0<\/i>Galeria Analix Forever, Gjenev\u00eb.<br \/>\n&#8211; <i>Xhamat Roz\u00eb me Mat Collishaw dhe Philippe Cramer,<br \/>\n<\/i>Galeria Analix Forever dhe Cramer + Cramer, Gjenev\u00eb, edicioni i pest\u00eb<\/p>\n<p><b>2005<br \/>\n<\/b><i>&#8211; Vajzat, vajzat, vajzat,<\/i> Qendra e Artit Neuch\u00e2tel<\/p>\n<p><b>2004<br \/>\n<\/b><i>&#8211; Ballkani, nj\u00eb kryq\u00ebzim p\u00ebr t\u00eb ardhmen,<\/i> kurator Harald Szemann.<\/p>\n<p><b>2003<br \/>\n<\/b><i>&#8211; Gjak dhe mjalt\u00eb,<\/i><b><i> <\/i><\/b>Samlung Essl, Vjen\u00eb, Austri, kurator Harald Szemann.<br \/>\n<i>&#8211; Onufri \u201803,<\/i> Galeria Komb\u00ebtare, Tiran\u00eb.<\/p>\n<p><b>2002<br \/>\n<\/b><i>&#8211; Paris Foto, Karuseli i Luvrit,<\/i> Paris, Galeria 213, Paris.<br \/>\n<i>&#8211; Rregullore e brendshme<\/i>, Galeria 213, Paris.<\/p>\n<p><b>2001<br \/>\n<\/b><i>&#8211; Bienalja e Par\u00eb e Tiran\u00ebs,<\/i> Galeria Komb\u00ebtare, Tiran\u00eb.<\/p>\n<p><b>2000<br \/>\n<\/b><i>&#8211; Foto Parisi, Karuseli i Luvrit,<\/i> Panairi i 31-<sup>t<\/sup><sup>\u00eb<\/sup> i Arteve n\u00eb Paris, B, Galeria Scalo, Zyrih.<\/p>\n<p><b>1999<br \/>\n<\/b><i>&#8211; Panairi i Arteve 30, B<\/i>, Galeria Scalo, Zyrih.<\/p>\n<p><b>1998<br \/>\n<\/b><i>&#8211; Onufri \u201898,<\/i> Galeria Komb\u00ebtare, Tiran\u00eb.<\/p>\n<p><b>1997<br \/>\n<\/b><i>&#8211; Bienalja e Artist\u00ebve Europian\u00eb<\/i>, Cetinje, Mal i Zi.<\/p>\n<p><b>1996<br \/>\n<\/b><i>&#8211; Trailer\u00ebt e qershorit<\/i>, Zona e Atlantikut, Milano.<br \/>\n<i>&#8211; Video ekspozit<\/i>\u00eb, Brera Nd\u00ebrkomb\u00ebtare, Milano.<\/p>\n<p><b>1995<br \/>\n<\/b><i>&#8211; Stuhi n\u00eb plastik\u00eb<\/i>, Milano.<br \/>\n<i>&#8211; Ato diferenca,<\/i> Galeria e Re Arcadia, Milano.<br \/>\n<i>&#8211; Shfaqje e par\u00eb<\/i>, Brera, Milano.<\/p>\n<p><b>1994<br \/>\n<\/b><i>&#8211; Salon 1<\/i>, Galeria Casoli, Milano.<br \/>\n<i>&#8211; Kunsterkollegiums<\/i>, T\u00fcbingen, Gjermani.<br \/>\n<i>&#8211; Aula 39<\/i>, (Auditori 39) Brera, Milano.<\/p>\n<p><b>1993<br \/>\n<\/b><i>&#8211; Pranver\u00eb \u201893<\/i>, Galeria Komb\u00ebtare, Tiran\u00eb.<\/p>\n<p><b>1990<br \/>\n<\/b><i>&#8211; Pranver\u00eb<\/i><i> <\/i><i>\u201890<\/i>, Galeria Komb\u00ebtare, Tiran\u00eb.<\/p>\n<p><b>1988<br \/>\n<\/b><i>&#8211; Pranver\u00eb<\/i><i> <\/i><i>\u201888<\/i>, Galeria Komb\u00ebtare, Tiran\u00eb.[\/vc_column_text][\/vc_column][\/vc_row]<\/p>\n","protected":false},"excerpt":{"rendered":"<p>[vc_row][vc_column width=&#8221;1\/2&#8243;][vc_single_image image=&#8221;3682&#8243; img_size=&#8221;full&#8221;][vc_column_text] Ornela Vorpsi lindi n\u00eb Tiran\u00eb n\u00eb 1968. Ndoqi studimet\u00a0n\u00eb Institutin e Lart\u00eb t\u00eb Arteve p\u00ebr piktur\u00eb\u00a0monumentale gjat\u00eb nj\u00eb periudhe ndryshimesh t\u00eb\u00a0m\u00ebdha historike (1987 \u2013 1991). Pas emigrimit n\u00eb\u00a0Itali n\u00eb 1991, ndoqi studimet n\u00eb Akademin\u00eb e Arteve\u00a0t\u00eb<\/p>\n","protected":false},"author":5,"featured_media":0,"parent":0,"menu_order":0,"comment_status":"closed","ping_status":"closed","template":"","meta":{"footnotes":""},"class_list":["post-3681","page","type-page","status-publish","hentry"],"_links":{"self":[{"href":"https:\/\/cod.al\/index.php?rest_route=\/wp\/v2\/pages\/3681","targetHints":{"allow":["GET"]}}],"collection":[{"href":"https:\/\/cod.al\/index.php?rest_route=\/wp\/v2\/pages"}],"about":[{"href":"https:\/\/cod.al\/index.php?rest_route=\/wp\/v2\/types\/page"}],"author":[{"embeddable":true,"href":"https:\/\/cod.al\/index.php?rest_route=\/wp\/v2\/users\/5"}],"replies":[{"embeddable":true,"href":"https:\/\/cod.al\/index.php?rest_route=%2Fwp%2Fv2%2Fcomments&post=3681"}],"version-history":[{"count":4,"href":"https:\/\/cod.al\/index.php?rest_route=\/wp\/v2\/pages\/3681\/revisions"}],"predecessor-version":[{"id":3689,"href":"https:\/\/cod.al\/index.php?rest_route=\/wp\/v2\/pages\/3681\/revisions\/3689"}],"wp:attachment":[{"href":"https:\/\/cod.al\/index.php?rest_route=%2Fwp%2Fv2%2Fmedia&parent=3681"}],"curies":[{"name":"wp","href":"https:\/\/api.w.org\/{rel}","templated":true}]}}