{"id":3453,"date":"2018-01-08T13:24:39","date_gmt":"2018-01-08T12:24:39","guid":{"rendered":"http:\/\/cod.al\/?page_id=3453"},"modified":"2018-01-09T16:02:25","modified_gmt":"2018-01-09T15:02:25","slug":"ekspozita-mia-enell","status":"publish","type":"page","link":"https:\/\/cod.al\/?page_id=3453","title":{"rendered":"Ekspozita Mia Enell"},"content":{"rendered":"<p>[vc_row][vc_column width=&#8221;1\/2&#8243;][vc_single_image image=&#8221;3455&#8243; img_size=&#8221;full&#8221;][\/vc_column][vc_column width=&#8221;1\/2&#8243;][vc_column_text]<\/p>\n<h3><\/h3>\n<h3><strong>COD hap sezonin 2018-1<br \/>\n<\/strong><strong>Ekspozita \u201cTani tani tani\u201d<br \/>\ne Mia Enell<\/strong><\/h3>\n<p><strong>Tiran\u00eb, 9 janar 2018<\/strong>\u00a0\u2013 COD hapi sezonin e par\u00eb t\u00eb 2018 me ekspozit\u00ebn \u201cTani tani tani\u201d t\u00eb artistes Mia Enell. N\u00eb ceremonin\u00eb e hapjes me pranin\u00eb e Kryeministrit dhe artistes s\u00eb mir\u00ebnjohur mor\u00ebn pjes\u00eb p\u00ebrfaq\u00ebsues t\u00eb institucioneve t\u00eb kultur\u00ebs, artit, medias, trupit diplomatik, kabinetit qeveritar dhe organizatave nd\u00ebrkomb\u00ebtare, shoq\u00ebris\u00eb civile dhe institucioneve publike.<\/p>\n<p>Mia Enell prezantoi 22 punime n\u00eb hollin protokollar t\u00eb Kryeministris\u00eb dhe n\u00eb sall\u00ebn \u201cTako Artistin\u201d. Ekspozita q\u00eb g\u00ebrsheton piktur\u00ebn me vizatimin \u00ebsht\u00eb kuruar nga Genti Gjikola dhe b\u00ebn bashk\u00eb vepra q\u00eb \u201cp\u00ebrtej leht\u00ebsis\u00eb s\u00eb dukshme dhe thjesht\u00ebsis\u00eb, shfaqin kompleksitetin e bot\u00ebs q\u00eb Mia Enell k\u00ebrkon t\u00eb zbuloj\u00eb\u201d.<\/p>\n<p>Ceremonia u hap me fjal\u00ebn e znj. Eridana \u00c7ano, Drejtoresh\u00eb e P\u00ebrgjithshme e Agjencis\u00eb p\u00ebr Dialog dhe Bashk\u00ebqeverisje. Sezoni i par\u00eb i 2018-s sjell risi, i organizon veprimtarit\u00eb e COD n\u00eb disa linja konkrete e komplekse dhe i b\u00ebn nd\u00ebrvepruese hap\u00ebsirat, gjithnj\u00eb duke pasur qytetarin n\u00eb qend\u00ebr.<\/p>\n<p>N\u00eb vijim, kuratori Genti Gjikola prezantoi pun\u00ebn e artistes, e cila ekspozon p\u00ebr her\u00eb t\u00eb par\u00eb p\u00ebr publikun shqiptar. Sipas tij, \u201cthuajse n\u00eb t\u00eb gjitha veprat q\u00eb shihen n\u00eb k\u00ebt\u00eb ekspozit\u00eb, duket se ka shpres\u00eb q\u00eb me an\u00eb t\u00eb nj\u00eb p\u00ebrpjekjeje t\u00eb ve\u00e7ant\u00eb, nj\u00eb &#8220;nd\u00ebrrimi t\u00eb l\u00ebkur\u00ebs&#8221;, nj\u00eb propozimi me &#8220;ide t\u00eb mira&#8221;, ardhjes s\u00eb nj\u00eb zarfi misterioz, nj\u00eb udh\u00ebtimi n\u00eb vende t\u00eb larg\u00ebta ku qielli \u00ebsht\u00eb i kuq dhe val\u00ebt e detit jan\u00eb t\u00eb zeza si bitum, me ombrell\u00eb n\u00eb dor\u00eb, njeriu bashk\u00ebkohor do t\u00eb gjej\u00eb shp\u00ebtim\u201d.<\/p>\n<p>M\u00eb pas, Mia Enell foli p\u00ebr artin e saj, gjuh\u00ebn e tij dhe komunikimin me publikun. \u201cNuk dua q\u00eb puna ime t\u00eb ket\u00eb t\u00eb b\u00ebj\u00eb vet\u00ebm me nj\u00eb gj\u00eb. N\u00ebse vepra k\u00ebrkon q\u00ebllimisht t\u00eb mos bjer\u00eb n\u00eb sy dhe ka nj\u00eb fill humori, mundet q\u00eb ajo t\u00eb hedh\u00eb drit\u00eb mbi \u00e7\u00ebshtje madhore dhe jo thjesht nj\u00eb ide,\u201d u shpreh Enell. \u201cGjithnj\u00eb jam munduar ta mbaj vepr\u00ebn time t\u00eb hapur. Ke mund\u00ebsi t\u00eb b\u00ebsh nj\u00eb zgjedhje, t\u00eb p\u00ebrqendrohesh dhe ta mbyll\u00ebsh pun\u00ebn, ose ta mbash t\u00eb hapur at\u00eb. Un\u00eb zgjedh ta mbaj t\u00eb hapur.\u201d Krijimtaria e Enell dhe veprat e prezantuara n\u00eb Shqip\u00ebri jan\u00eb pjes\u00eb e katalogut \u201cTani tani tani\u201d, i mund\u00ebsuar p\u00ebr vizitor\u00ebt e ekspozit\u00ebs.<\/p>\n<p>Ekspozita do t\u00eb jet\u00eb e hapur p\u00ebr publikun deri m\u00eb 9 mars 2018.<\/p>\n<p>Mia Enell lindi m\u00eb 1967 n\u00eb Goteborg t\u00eb Suedis\u00eb. Aktualisht jeton dhe punon n\u00eb Nju Jork, SHBA. Enell p\u00ebrfundoi Shkoll\u00ebn e Artit Nyckelvikskolan n\u00eb Stokholm (1987) dhe m\u00eb pas Shkoll\u00ebn e Lart\u00eb Komb\u00ebtare t\u00eb Arteve t\u00eb Bukura n\u00eb Paris, DNSAP (MFA), (1992). Pun\u00ebt e saj jan\u00eb prezantuar n\u00eb shum\u00eb ekspozita kolektive e vetjake, n\u00eb muze e galeri t\u00eb r\u00ebnd\u00ebsishme n\u00eb Shtetet e Bashkuara dhe Europ\u00eb. Veprat e Mia Enell gjenden n\u00eb koleksione t\u00eb m\u00ebdha nd\u00ebrkomb\u00ebtare dhe private, p\u00ebrfshir\u00eb L.A.C.M.A., Muzeun e Arteve n\u00eb Los Anxheles; Koleksionin Borghese, Itali, Koleksionin Ahrenberg, Zvic\u00ebr; Statens Konstr\u00e5d &#8211; Agjencia Komb\u00ebtare e Artit Publik, Suedi; Fondin e Depozitave e Investimeve dhe FNAC &#8211; Fondin Komb\u00ebtar t\u00eb Artit Bashk\u00ebkohor n\u00eb Paris, Franc\u00eb.[\/vc_column_text][\/vc_column][\/vc_row]<\/p>\n","protected":false},"excerpt":{"rendered":"<p>[vc_row][vc_column width=&#8221;1\/2&#8243;][vc_single_image image=&#8221;3455&#8243; img_size=&#8221;full&#8221;][\/vc_column][vc_column width=&#8221;1\/2&#8243;][vc_column_text] COD hap sezonin 2018-1 Ekspozita \u201cTani tani tani\u201d e Mia Enell Tiran\u00eb, 9 janar 2018\u00a0\u2013 COD hapi sezonin e par\u00eb t\u00eb 2018 me ekspozit\u00ebn \u201cTani tani tani\u201d t\u00eb artistes Mia Enell. N\u00eb ceremonin\u00eb e hapjes<\/p>\n","protected":false},"author":5,"featured_media":0,"parent":0,"menu_order":0,"comment_status":"closed","ping_status":"closed","template":"","meta":{"footnotes":""},"class_list":["post-3453","page","type-page","status-publish","hentry"],"_links":{"self":[{"href":"https:\/\/cod.al\/index.php?rest_route=\/wp\/v2\/pages\/3453","targetHints":{"allow":["GET"]}}],"collection":[{"href":"https:\/\/cod.al\/index.php?rest_route=\/wp\/v2\/pages"}],"about":[{"href":"https:\/\/cod.al\/index.php?rest_route=\/wp\/v2\/types\/page"}],"author":[{"embeddable":true,"href":"https:\/\/cod.al\/index.php?rest_route=\/wp\/v2\/users\/5"}],"replies":[{"embeddable":true,"href":"https:\/\/cod.al\/index.php?rest_route=%2Fwp%2Fv2%2Fcomments&post=3453"}],"version-history":[{"count":6,"href":"https:\/\/cod.al\/index.php?rest_route=\/wp\/v2\/pages\/3453\/revisions"}],"predecessor-version":[{"id":3500,"href":"https:\/\/cod.al\/index.php?rest_route=\/wp\/v2\/pages\/3453\/revisions\/3500"}],"wp:attachment":[{"href":"https:\/\/cod.al\/index.php?rest_route=%2Fwp%2Fv2%2Fmedia&parent=3453"}],"curies":[{"name":"wp","href":"https:\/\/api.w.org\/{rel}","templated":true}]}}