{"id":3446,"date":"2018-01-08T11:09:12","date_gmt":"2018-01-08T10:09:12","guid":{"rendered":"http:\/\/cod.al\/?page_id=3446"},"modified":"2018-01-09T16:01:04","modified_gmt":"2018-01-09T15:01:04","slug":"mia-enell","status":"publish","type":"page","link":"https:\/\/cod.al\/?page_id=3446","title":{"rendered":"Mia Enell"},"content":{"rendered":"<p>[vc_row][vc_column width=&#8221;1\/2&#8243;][vc_column_text]<img fetchpriority=\"high\" decoding=\"async\" class=\"size-full wp-image-3447 alignleft\" src=\"http:\/\/cod.al\/wp-content\/uploads\/2018\/01\/MiaEnell.jpg\" alt=\"MiaEnell\" width=\"442\" height=\"580\" srcset=\"https:\/\/cod.al\/wp-content\/uploads\/2018\/01\/MiaEnell.jpg 442w, https:\/\/cod.al\/wp-content\/uploads\/2018\/01\/MiaEnell-229x300.jpg 229w\" sizes=\"(max-width: 442px) 100vw, 442px\" \/>[\/vc_column_text][vc_column_text]<span style=\"color: #ffffff;\">.<\/span><\/p>\n<p>&nbsp;<\/p>\n<p><strong>M I A\u00a0 E N E L L<\/strong><\/p>\n<p>Lindur m\u00eb 1967 n\u00eb Goteborg t\u00eb Suedis\u00eb.<br \/>\nJeton dhe punon n\u00eb Nju Jork, SHBA.<\/p>\n<p><strong>Edukimi<br \/>\n<\/strong>1992\u00a0\u00a0 Shkolla e Lart\u00eb Komb\u00ebtare e Arteve t\u00eb Bukura, Paris, DNSAP (MFA).<br \/>\n1987 \u00a0\u00a0Shkolla e Artit Nyckelvikskolan, Stokholm.<\/p>\n<p><strong><em>Vler\u00ebsime dhe \u00e7mime<br \/>\n<\/em><\/strong>2004\u00a0\u00a0 Shoq\u00ebria Skandinavo-Amerikane, \u00c7mimi i Kultur\u00ebs, Nju Jork.<br \/>\n1997 \u00a0\u00a0Qyteti Nd\u00ebrkomb\u00ebtar i Arteve, Paris.<br \/>\n1992 \u00a0\u00a0Ministria Franceze e Kultur\u00ebs dhe Marr\u00ebdh\u00ebnieve me Jasht\u00eb, Paris.<br \/>\n1991\u00a0\u00a0 Granti Kulturor, Qyteti i Vanersborgut, Suedi.<\/p>\n<p><strong><em>Ekspozita t\u00eb p\u00ebrzgjedhura vetjake<br \/>\n<\/em><\/strong>2011\u00a0\u00a0 <em>Udh\u00ebtimi i nat\u00ebs<\/em>, Galeria Son Espace, Palafrugell, Girona, Spanj\u00eb.<br \/>\n2008 <em>\u00a0\u00a0Performanc\u00eb dhe Instalacion<\/em>, UP&amp;CO, Nju Jork.<br \/>\n2005\u00a0\u00a0 <em>Misteret e jet\u00ebs<\/em>, Galeria Edward Mitterrand, Gjenev\u00eb.<br \/>\n2004\u00a0 \u00a0<em>E verdh\u00eb e \u00e7el\u00ebt &amp; blu e err\u00ebt,<\/em> (ekspozit\u00eb e dy artist\u00ebve) Muzeu Nordik i Trash\u00ebgimis\u00eb, Siat\u00ebll.<br \/>\n<em>\u00a0 \u00a0 \u00a0 \u00a0 \u00a0 \u00a0 \u00a0Un\u00eb dhe Marceli<\/em>, Galeria Very Trolley, Lond\u00ebr.<br \/>\n<em>Mia Enell:<\/em> <em>Piktura dhe vizatime<\/em>, Galeria Luxe, Nju Jork.<br \/>\n2002\u00a0\u00a0 <em>Tani le t\u00eb l\u00ebvdojm\u00eb minjt\u00eb e famsh\u00ebm<\/em>, UP&amp;CO, Nju Jork.<br \/>\n1997 \u00a0\u00a0<em>Thjesht duke par\u00eb,<\/em> Qendra e Pavarur p\u00ebr Art &amp; Fotografi, Paris.<br \/>\n1995 \u00a0\u00a0<em>Mia Enell<\/em>, Galeria Crous\/Artet e Bukura, Paris.<\/p>\n<p><strong><em>Ekspozita t\u00eb p\u00ebrzgjedhura n\u00eb grup, leksione dhe komisionime p\u00ebr art publik<br \/>\n<\/em><\/strong>2013\u00a0\u00a0 <em>Sht\u00ebpia e askujt,<\/em> Arena Vestfossen, Norvegji<br \/>\n2011\u00a0\u00a0 <em>Summerpicks, (foto vere), <\/em>kuruar nga Yona Backer, Third Streaming, Nju Jork.<br \/>\n<em>\u00a0 \u00a0 \u00a0 \u00a0 \u00a0 \u00a0T\u00eb ngrihesh mbi realitetin. T\u00eb mbulosh dhe t\u00eb zbulosh. <\/em>Shfaqje kolektive nd\u00ebrkomb\u00ebtare.<br \/>\nKuruar nga Julian Sunyer, Galeria Son Espace, Palafrugell, Spanj\u00eb.<br \/>\n<em>Nj\u00eb vend n\u00eb t\u00eb cilin mund t\u00eb vijm\u00eb<\/em>, kuruar nga S. Sabuncuoglu, Konventa e Sh\u00ebn Sesilias, Bruklin, Nju Jork.<br \/>\n2010\u00a0 <em>Hyrje p\u00ebr n\u00eb film: I Parap\u00eblqyeri<\/em>, kuruar nga Ulla West dhe Anna Selander, Kulturhuset, Stokholm 2010, 2011.<br \/>\n2006\u00a0 <em>Videolounge ArtBasel Miami<\/em>, kuruar nga Louky Keijsers dhe Kimberly Marrero, Hotel Sagamore, Majami.<br \/>\n<em>Abuzim Material<\/em>, Muzeu i Universitetit Colgate, Nju Jork.<br \/>\n<em>Art &amp; Libra &amp; La Habana<\/em> n\u00eb bashk\u00ebpunim me Bienalen e N\u00ebnt\u00eb t\u00eb Havan\u00ebs, Son Espace\/CCPY, Kub\u00eb.<br \/>\n<em>\u00a0E-migracion (Penelopa) <\/em>kuruar nga Zoe Kosmidou, Muzeu Helenik, \u00c7ikago.<br \/>\n<em>Piktura e Libraris\u00eb<\/em>, nj\u00eb projekt specifik dhe nj\u00eb leksion me kuratorin William Stover n\u00eb Librarin\u00eb Mid-Manhattan, Libraria Publike e Nju\u00a0 Jorkut.<br \/>\n<em>T\u00eb flas\u00ebsh n\u00eb m\u00ebnyr\u00eb figurative II<\/em>, Galeria Elga Wimmer, Nju Jork.<br \/>\n<em>Videoseria e Kubit t\u00eb Bardh\u00eb,<\/em> kuruar nga Anne\u00e8 Olofsson, Umea, Suedi.<br \/>\n2005\u00a0 <em>T\u00eb vizatosh<\/em>, kuruar nga Julian Sunyer dhe Luis Vidal, Galeria Son Espace, Palafrugell, Spanj\u00eb.<br \/>\n<em>\u00a0\u00a0\u00a0\u00a0\u00a0\u00a0\u00a0\u00a0\u00a0 <\/em><em>Edicioni Arkitektur\u00eb e l\u00ebngshme<\/em>, Projektet Deitch, Nju Jork.<br \/>\n2004<em> \u00a0Arm\u00ebpushimi Olimpik<\/em>, kuruar nga Zoe Kosmiou, Delegacioni i Komisionit Europian, Uashington D.C.<br \/>\n<em>\u00a0\u00a0\u00a0\u00a0\u00a0\u00a0\u00a0\u00a0\u00a0 Vizatuar thjesht<\/em>, Galeria Luxe, Nju Jork.<br \/>\n2003 <em>\u00a0Penelopa,<\/em> kuruar nga Zoe Kosmidou, Fondi Nd\u00ebrkomb\u00ebtar Monetar i Galeris\u00eb Atrium, Uashington D.C.<br \/>\n<em>T\u00eb pikturuarit dhe p\u00ebrtej tij<\/em>, Galeria S. E. Bergen, Norvegji.<br \/>\n2002\u00a0 <em>Rrug\u00ebtimi Artistik,<\/em> kuruar nga Anne-Pierre d\u2019Albis, Sh\u00ebn Zhermen d\u00eb Pr\u00e8, Paris.<br \/>\n2001\u00a0\u00a0<em>Phuh<\/em>, kuruar nga David Humphrey, Fishtank, Bruklin, Nju Jork.<br \/>\n2000 \u00a0<em>Rrug\u00ebtimi Artistik,<\/em> kuruar nga Anne-Pierre d\u2019Albis dhe Herv\u00e9 Mikaeloff, Sh\u00ebn Zhermen d\u00eb Pr\u00e8, Paris.<br \/>\n<em>\u00a0\u00a0\u00a0\u00a0\u00a0\u00a0\u00a0\u00a0\u00a0 Kamasutra<\/em>, kuruar nga Julian Zugazagoitia, Spazio Montenero, Milano<br \/>\n<em>Ne e donim aq shum\u00eb nj\u00ebri-tjetrin<\/em>, kuruar nga Alfred Paquement, Quai Malaquais\/ENSBA, Paris<br \/>\n1999\u00a0 <em>Pra, vazhdimi 3<\/em>, kuruar nga Lili Ri-Hye Kim, Qendra Rajonale e Artit Bashk\u00ebkohor, S\u00e8te, Franc\u00eb.<br \/>\n<em>Vitrinat e Projektit<\/em>, Fondi i Depozitave dhe Investimeve, Paris, Franc\u00eb,<br \/>\nkuruar nga Herv\u00e9 Mikaeloff.<br \/>\n<em>\u00a0\u00a0\u00a0\u00a0\u00a0\u00a0\u00a0 <\/em>\u00a0\u00a0<em>Hap\u00ebsira e Paul Ricard<\/em>, kuruar nga Eric Dereumaux and Colette Barbier, Paris.<br \/>\n1998 \u00a0 <em>Koleksioni Ahrenberg,<\/em> ekspozit\u00eb sh\u00ebtit\u00ebse: Muzeu i Arteve t\u00eb Bukura, Mons, Belgjik\u00eb dhe Fondacioni Benediktin, F\u00e9camps, Franc\u00eb.<br \/>\n<em>\u00a0\u00a0\u00a0\u00a0\u00a0\u00a0\u00a0\u00a0\u00a0 \u00a0Celular 2000<\/em>, kuruar nga Laurence Hazout, Fondi i Depozitave dhe Investimeve, Paris.<br \/>\n1997 \u00a0 <em>Pasiv\/Agresiv,<\/em> kuruar nga Susie Kim, Qendra Kulturore Koreane, Los Anxheles.<br \/>\n1996 \u00a0 Galeria Ann Westin, Stokholm<br \/>\n1993 \u00a0 Galeria e Artit e Vanersborgut, Vanersborg, Suedi<br \/>\n1992\u00a0 <em>Kuptimi i Artit<\/em>, Qendra Kulturore Su\u00e8dois, Paris<\/p>\n<p><strong>Koleksionet:<br \/>\n<\/strong>Veprat e Mia Enell gjenden n\u00eb koleksione t\u00eb m\u00ebdha nd\u00ebrkomb\u00ebtare dhe private, p\u00ebrfshir\u00eb L.A.C.M.A., Muzeun e Arteve n\u00eb Los Anxheles; Koleksionin Borghese, Itali, Koleksionin Ahrenberg, Zvic\u00ebr; Statens Konstr\u00e5d &#8211; Agjencin\u00eb Komb\u00ebtare t\u00eb Artit Publik, Suedi; Fondin e Depozitave e Investimeve dhe FNAC &#8211; Fondin Komb\u00ebtar t\u00eb Artit Bashk\u00ebkohor n\u00eb Paris, Franc\u00eb.[\/vc_column_text][\/vc_column][vc_column width=&#8221;1\/2&#8243;][vc_column_text]<span style=\"color: #ffffff;\">.<\/span><\/p>\n<p>&nbsp;<\/p>\n<p><strong>M I A\u00a0\u00a0\u00a0 E N E L L<br \/>\n<\/strong><strong>BIBLIOGRAFI<\/strong><\/p>\n<p>2017<br \/>\n<em>Zero: Maria Cornejo 1997-2017+,<\/em> Rizzoli, 2017, fq. 213.<\/p>\n<p>2013<br \/>\n<em>Trolleylogy, <\/em>10 vitet e para t\u00eb Trolley-it, botuar nga Trolley, 2013.<\/p>\n<p>2008<br \/>\n<em>Very Magazine<\/em>, \u201cMajami\u201d, n\u00eb faqet kryesore Mia Enell dhe Elisabeth Wendelbo, v\u00ebllimi 13, 2008.<\/p>\n<p>2006<br \/>\n<em>Liberation<\/em>, <em>Culture<\/em>, \u201cPanairi nd\u00ebrkomb\u00ebtar i artit bashk\u00ebkohor dhe avatar\u00ebt e tij p\u00ebrmes kryeqytetit\u201d nga Henri-Francois Debailleux dhe Gerard Lefort, 28 tetor 2006.<br \/>\n<em>Chicago Tribune<\/em>, \u201cPenelopa\u201d, nga Alan G. Artner, 20 prill 2006.<br \/>\n<em>Time Out Chicago<\/em>, \u201cPenelopa: e-migracioni\u201d nga Lauren Weinberg, 4-10 maj, 2006.<br \/>\n<em>Nordstjeman<\/em>, \u201cPiktura e Libraris\u00eb\u201d nga Eva Stensk\u00e4r, 26 janar 2006.<br \/>\n<em>Nordic Reach, v\u00ebll. XVIII, nr. 15, <\/em>\u201cSkandinave n\u00eb Nju Jork\u201d nga Eva Stensk\u00e4r, janar 2006, fq. 28-34.<br \/>\n<em>Le Book<\/em>, 2006.<\/p>\n<p>2005<br \/>\n<em>ELLE Decor,<\/em> \u201cNj\u00eb k\u00ebndv\u00ebshtrim i ri\u201d nga Vicky Lowry, shtator 2005, fq. 160-163.<br \/>\n<em>EL PUNT<\/em>, Kultura e syzeve, vizatuar nga Eva Vasquez, gusht 2005, fq. 47.<br \/>\n<em>Diari di Girona<\/em>, \u201cArti\/Kultura e syzeve\u201d nga Cristina Valenti, 11 gusht 2005, fq. 37.<br \/>\n<em>ID Magazine, <\/em>\u201cDrejt padukshm\u00ebris\u00eb\u201d, shkurt 2005, fq. 251.<\/p>\n<p>2004<br \/>\nArt in America, \u201cMia Enell n\u00eb Luxe\u201d nga Micha\u00ebl Amy, tetor 2004.<br \/>\n<em>VERYeye2eye, <\/em>nga Sahara Meer, 2004, kopertina dhe fq. 62-63.<br \/>\n<em>New York Times<\/em>, \u201cDelikat, i gjetur dhe i marr\u00eb borxh\u201d nga Raul A. Barreneche, 17 qershor 2004.<br \/>\nMia Enell: katalog pikturash dhe vizatimesh, \u201cN\u00eb syrin e mendjes\u201d, nga Charles Merewether, prill 2004.<br \/>\nMia Enell: katalog pikturash dhe vizatimesh, \u201cPlot\u00ebsisht i k\u00ebnaqur\u201d nga Franklin Sirmans, prill 2004.<br \/>\nShoreditch, Guida e galeris\u00eb s\u00eb Londr\u00ebs lindore, nga Anna Freeman, tetor 2004.<br \/>\n<a href=\"http:\/\/www.swedennewyork.com-newsletter\"><em>www.swedennewyork.com-newsletter<\/em><\/a><em>,<\/em> 31 mars 2004.<\/p>\n<p>2003<br \/>\n<em>VERYstyleguide Fashion 1<\/em>, Intervist\u00eb, 2003.<br \/>\n<em>Athens Herald Tribune<\/em>, \u201cOdisea e Homerit \u00ebsht\u00eb baza p\u00ebr nj\u00eb projekt t\u00eb larmish\u00ebm arti\u201d nga Kathimerini, 18 gusht 2003.<\/p>\n<p>2002<br \/>\nVERY Magazine, \u201cTani le t\u00eb l\u00ebvdojm\u00eb minjt\u00eb e famsh\u00ebm\u201d nga Uscha Pohl, v\u00ebllimi 9, 2002, fq. 6, 26-27.<br \/>\n<em>Time Out Ne\u00eb York<\/em>, \u201cUP &amp; CO &#8211; Mia Enell,\u201d 21 shkurt 2002.<br \/>\nN\u00eb lidhje me Rrug\u00ebtimin Artistik t\u00eb Sh\u00ebn Zhermen d\u00eb Pr\u00e8, (ekspozit\u00eb nga 28 prilli deri m\u00eb 18 qershor) p\u00ebrmendet n\u00eb:<br \/>\n<em>Figaro<\/em>, 26 maj 2002; <em>Madame Figaro,<\/em> 25 maj 2002; <em>Elle<\/em>, 13 maj 2002 dhe <em>Connaissance des Arts<\/em>, qershor 2002.<\/p>\n<p>2000<br \/>\n<em>Carnet d\u2019un Mecene<\/em>, \u201cDhjet\u00eb vitet e nj\u00eb mecenati\u201d, Fondi i Depozitave dhe Investimeve, 2000, fq. 115, 120-121.<br \/>\n<em>Beaux-Arts Magazine<\/em>, v\u00ebllim i posa\u00e7\u00ebm: Rrug\u00ebtimi Artistik \u2013 Sh\u00ebn Zhermen d\u00eb Pr\u00e8, 2000, fq. 5, 20.<br \/>\n<em>Le Nouvel Observateur,<\/em> Ekspozita, Sh\u00ebn Zhermen\/Rrug\u00ebtimi, 23-29 mars 2000.<br \/>\nKatalogu i koleksionit t\u00eb artit modern, \u201cArti dhe poezia e Kamasutr\u00ebs<em>\u201d<\/em> nga Julian Zugazagoitia, 2000, fq. 7-8, 53.<\/p>\n<p>1999<br \/>\n<em>Nous Nous Sommes Tant Aim\u00e9s<\/em> katalog ekspozite, me tekst t\u00eb Sophie Kaplan, dhjetor 1999, fq. 48-52.<br \/>\n<em>Ainsi de Suite 3 <\/em>katalog ekspozite, me tekst t\u00eb Lili Ri-Hye Kim, 1999, fq. 26-27.<\/p>\n<p>1997<br \/>\n<em>Just Sho\u00ebing catalogue<\/em>, Intervist\u00eb me Olivier Reneau, maj 1997, fq. 3-8.<br \/>\n<em>Goteborgs-posten<\/em>, \u201cEnell Testar Gransema\u201d (Enell sfidon kufijt\u00eb) nga Caroline Kiepels, 2 maj 1997.<br \/>\n<em>Svenska Dagbladet, Kultur, \u201cPak art, pak jet\u00eb dhe nj\u00eb k\u00ebshill\u00eb shum\u00eb e mir\u00eb p\u00ebr nj\u00eb dyqan djathi\u201d, Mia Enell<\/em>, nga Dan Backman.<br \/>\n<em>Dagens Industri,<\/em> \u201cArti suedez n\u00eb Paris \u2013 humor dhe b\u00ebrxolla derri\u201d nga Britt Noree, 12 maj 1997.<\/p>\n<p>1992<br \/>\n<em>G\u00f6teborgs Posten,<\/em> \u201cMeningen med konsten\u201d (Kuptimi i artit) nga Annika Svantesson-Ray, 3 n\u00ebntor 1992.[\/vc_column_text][\/vc_column][\/vc_row]<\/p>\n","protected":false},"excerpt":{"rendered":"<p>[vc_row][vc_column width=&#8221;1\/2&#8243;][vc_column_text][\/vc_column_text][vc_column_text]. &nbsp; M I A\u00a0 E N E L L Lindur m\u00eb 1967 n\u00eb Goteborg t\u00eb Suedis\u00eb. Jeton dhe punon n\u00eb Nju Jork, SHBA. Edukimi 1992\u00a0\u00a0 Shkolla e Lart\u00eb Komb\u00ebtare e Arteve t\u00eb Bukura, Paris, DNSAP (MFA). 1987 \u00a0\u00a0Shkolla<\/p>\n","protected":false},"author":5,"featured_media":0,"parent":0,"menu_order":0,"comment_status":"closed","ping_status":"closed","template":"","meta":{"footnotes":""},"class_list":["post-3446","page","type-page","status-publish","hentry"],"_links":{"self":[{"href":"https:\/\/cod.al\/index.php?rest_route=\/wp\/v2\/pages\/3446","targetHints":{"allow":["GET"]}}],"collection":[{"href":"https:\/\/cod.al\/index.php?rest_route=\/wp\/v2\/pages"}],"about":[{"href":"https:\/\/cod.al\/index.php?rest_route=\/wp\/v2\/types\/page"}],"author":[{"embeddable":true,"href":"https:\/\/cod.al\/index.php?rest_route=\/wp\/v2\/users\/5"}],"replies":[{"embeddable":true,"href":"https:\/\/cod.al\/index.php?rest_route=%2Fwp%2Fv2%2Fcomments&post=3446"}],"version-history":[{"count":7,"href":"https:\/\/cod.al\/index.php?rest_route=\/wp\/v2\/pages\/3446\/revisions"}],"predecessor-version":[{"id":3499,"href":"https:\/\/cod.al\/index.php?rest_route=\/wp\/v2\/pages\/3446\/revisions\/3499"}],"wp:attachment":[{"href":"https:\/\/cod.al\/index.php?rest_route=%2Fwp%2Fv2%2Fmedia&parent=3446"}],"curies":[{"name":"wp","href":"https:\/\/api.w.org\/{rel}","templated":true}]}}